{"id":5732,"date":"2015-12-07T11:34:54","date_gmt":"2015-12-07T10:34:54","guid":{"rendered":"http:\/\/www.andreclaude.fr\/web\/index.php\/produit\/saint-felicien\/"},"modified":"2024-04-04T10:04:02","modified_gmt":"2024-04-04T09:04:02","slug":"saint-felicien","status":"publish","type":"product","link":"https:\/\/www.andreclaude.fr\/web\/index.php\/produit\/saint-felicien\/","title":{"rendered":"Saint Marcelin la pi\u00e8ce de 80 grs"},"content":{"rendered":"<p>Fabriqu\u00e9 dans l&rsquo;Is\u00e8re<\/p>\n<p>Distribu\u00e9 par GRAL<\/p>\n<p>58500 CLAMECY<\/p>\n<p>&nbsp;<\/p>\n","protected":false},"excerpt":{"rendered":"<p><span class=\"PBLongTxt\">Fromage au <strong>lait<\/strong> cru de vache, il propose une cro\u00fbte fine\u00a0et fleurie de couleur blanche renfermant une p\u00e2te molle et cr\u00e9meuse de couleur ivoire. D\u2019un go\u00fbt\u00a0l\u00e9g\u00e8rement\u00a0acide aux ar\u00f4mes de noisette \u00a0accompagn\u00e9 d\u2019un parfum bois\u00e9.<\/span><\/p>\n<p><span class=\"PBLongTxt\">Originaire du Rh\u00f4ne-Alpes.<\/span><\/p>\n<p><span class=\"PBLongTxt\">Autrefois fabriqu\u00e9 \u00e0 partir de lait de ch\u00e8vre, il est aujourd\u2019hui exclusivement fabriqu\u00e9 au lait de vache.<\/span><\/p>\n","protected":false},"featured_media":10603,"comment_status":"closed","ping_status":"closed","template":"","meta":[],"product_cat":[194,165],"product_tag":[],"jetpack_publicize_connections":[],"_links":{"self":[{"href":"https:\/\/www.andreclaude.fr\/web\/index.php\/wp-json\/wp\/v2\/product\/5732"}],"collection":[{"href":"https:\/\/www.andreclaude.fr\/web\/index.php\/wp-json\/wp\/v2\/product"}],"about":[{"href":"https:\/\/www.andreclaude.fr\/web\/index.php\/wp-json\/wp\/v2\/types\/product"}],"replies":[{"embeddable":true,"href":"https:\/\/www.andreclaude.fr\/web\/index.php\/wp-json\/wp\/v2\/comments?post=5732"}],"wp:featuredmedia":[{"embeddable":true,"href":"https:\/\/www.andreclaude.fr\/web\/index.php\/wp-json\/wp\/v2\/media\/10603"}],"wp:attachment":[{"href":"https:\/\/www.andreclaude.fr\/web\/index.php\/wp-json\/wp\/v2\/media?parent=5732"}],"wp:term":[{"taxonomy":"product_cat","embeddable":true,"href":"https:\/\/www.andreclaude.fr\/web\/index.php\/wp-json\/wp\/v2\/product_cat?post=5732"},{"taxonomy":"product_tag","embeddable":true,"href":"https:\/\/www.andreclaude.fr\/web\/index.php\/wp-json\/wp\/v2\/product_tag?post=5732"}],"curies":[{"name":"wp","href":"https:\/\/api.w.org\/{rel}","templated":true}]}}